{"id":51,"date":"2020-11-13T13:45:38","date_gmt":"2020-11-13T13:45:38","guid":{"rendered":"http:\/\/ergotherapeute.ch\/?page_id=51"},"modified":"2026-02-08T11:30:09","modified_gmt":"2026-02-08T11:30:09","slug":"documents","status":"publish","type":"page","link":"https:\/\/ergotherapeute.ch\/?page_id=51","title":{"rendered":"Documents \/ Brochures"},"content":{"rendered":"<blockquote><p><a href=\"http:\/\/ergotherapeute.ch\/wp-content\/uploads\/2020\/11\/ordonnance-ergo2019_Vuilleumier_Pelus-1.pdf\"><img decoding=\"async\" class=\"wp-image-311 size-full alignleft\" src=\"https:\/\/ergotherapeute.ch\/wp-content\/uploads\/2020\/11\/file_extension_pdf.png\" alt=\"\" width=\"32\" height=\"32\" \/><\/a> <a href=\"https:\/\/ergotherapeute.ch\/wp-content\/uploads\/2020\/11\/ordonnance-ergo2019_Vuilleumier_Pelus-1.pdf\">Ordonnance d&rsquo;ergoth\u00e9rapie<\/a><\/p><\/blockquote>\n<p>&nbsp;<\/p>\n<blockquote><p><a href=\"http:\/\/ergotherapeute.ch\/wp-content\/uploads\/2020\/11\/2018_05_01_Aerztliche_Verordnung_Kinder_FR.pdf\"><img decoding=\"async\" class=\"wp-image-311 size-full alignleft\" src=\"https:\/\/ergotherapeute.ch\/wp-content\/uploads\/2020\/11\/file_extension_pdf.png\" alt=\"\" width=\"32\" height=\"32\" \/><\/a> <a href=\"https:\/\/ergotherapeute.ch\/wp-content\/uploads\/2020\/11\/2018_05_01_Aerztliche_Verordnung_Kinder_FR.pdf\">Indications m\u00e9dicales pour la remise d&rsquo;un fauteuil roulant pour enfants<\/a><\/p><\/blockquote>\n<p>&nbsp;<\/p>\n<blockquote><p><a href=\"http:\/\/ergotherapeute.ch\/wp-content\/uploads\/2020\/11\/2018_05_01_Aerztliche_Verordnung_F.pdf\"><img decoding=\"async\" class=\"wp-image-311 size-full alignleft\" src=\"https:\/\/ergotherapeute.ch\/wp-content\/uploads\/2020\/11\/file_extension_pdf.png\" alt=\"\" width=\"32\" height=\"32\" \/><\/a> <a href=\"https:\/\/ergotherapeute.ch\/wp-content\/uploads\/2020\/11\/2018_05_01_Aerztliche_Verordnung_F.pdf\">Indications m\u00e9dicales pour la remise d&rsquo;un fauteuil roulant pour adulte<\/a><\/p><\/blockquote>\n<p>&nbsp;<\/p>\n<blockquote><p><a href=\"http:\/\/ergotherapeute.ch\/wp-content\/uploads\/2020\/11\/Formulaire-de-demande-FR.pdf\"><img decoding=\"async\" class=\"wp-image-311 size-full alignleft\" src=\"https:\/\/ergotherapeute.ch\/wp-content\/uploads\/2020\/11\/file_extension_pdf.png\" alt=\"\" width=\"32\" height=\"32\" \/><\/a> <a href=\"https:\/\/ergotherapeute.ch\/wp-content\/uploads\/2020\/11\/Formulaire-de-demande-FR.pdf\">Formulaire de demande de remise d&rsquo;un fauteuil roulant<\/a><\/p><\/blockquote>\n<p>&nbsp;<\/p>\n<blockquote><p><a href=\"http:\/\/ergotherapeute.ch\/wp-content\/uploads\/2020\/11\/Formulaire-de-demande-FR.pdf\"><img decoding=\"async\" class=\"wp-image-311 size-full alignleft\" src=\"https:\/\/ergotherapeute.ch\/wp-content\/uploads\/2020\/11\/file_extension_pdf.png\" alt=\"\" width=\"32\" height=\"32\" \/><\/a><a href=\"https:\/\/ergotherapeute.ch\/wp-content\/uploads\/2022\/03\/nouvelle-liste-infirmites-congenitales.pdf\" target=\"_blank\" rel=\"noopener\">Liste des infirmit\u00e9s cong\u00e9nitales<\/a><\/p><\/blockquote>\n<p>&nbsp;<\/p>\n<p><a href=\"https:\/\/www.csps.ch\/fr\/fiches-d-information-pour-enseignants\" target=\"_blank\" rel=\"noopener\">Am\u00e9nagements scolaires pour enfants avec; dyspraxie, TDAH, dyslexie, etc.<\/a><\/p>\n<p>&nbsp;<\/p>\n<p>&nbsp;<\/p>\n<table style=\"border-collapse: collapse; width: 99.3557%; height: 1555px;\">\n<tbody>\n<tr style=\"height: 66px;\">\n<td style=\"width: 106.478%; height: 66px;\" colspan=\"2\">\n<h3><span style=\"font-size: 18pt;\">Brochures \/ Conseils\u00a0 pour les parents, enseignants et accompagnants<\/span><\/h3>\n<p><span style=\"font-size: 18pt;\">\u00a0<\/span><\/td>\n<\/tr>\n<tr style=\"height: 161px;\">\n<td style=\"width: 22.8931%; height: 161px;\"><a href=\"https:\/\/ergotherapeute.ch\/wp-content\/uploads\/2020\/11\/hygiene-posterieure31.05.2020.pdf\" target=\"_blank\" rel=\"noopener\"><img fetchpriority=\"high\" decoding=\"async\" class=\"alignleft wp-image-274 size-full\" src=\"https:\/\/ergotherapeute.ch\/wp-content\/uploads\/2020\/11\/boutonsHP.jpg\" alt=\"\" width=\"420\" height=\"147\" srcset=\"https:\/\/ergotherapeute.ch\/wp-content\/uploads\/2020\/11\/boutonsHP.jpg 420w, https:\/\/ergotherapeute.ch\/wp-content\/uploads\/2020\/11\/boutonsHP-300x105.jpg 300w\" sizes=\"(max-width: 420px) 100vw, 420px\" \/><\/a><\/td>\n<td style=\"width: 83.5847%; height: 161px;\"><span style=\"font-size: 18pt;\"><a href=\"http:\/\/ergotherapeute.ch\/wp-content\/uploads\/2020\/11\/hygiene-posterieure31.05.2020.pdf\" target=\"_blank\" rel=\"noopener\">Hygi\u00e8ne posturale.<\/a><\/span><\/p>\n<p><span style=\"font-size: 12pt;\"><em>t\u00e9l\u00e9charger la brochure en version PDF ici.<\/em><\/span><\/td>\n<\/tr>\n<tr style=\"height: 161px;\">\n<td style=\"width: 22.8931%; height: 161px;\"><a href=\"http:\/\/ergotherapeute.ch\/wp-content\/uploads\/2020\/11\/tdah-brochure-conseil.pdf\" target=\"_blank\" rel=\"noopener\"><img decoding=\"async\" class=\"alignleft wp-image-275 size-full\" src=\"https:\/\/ergotherapeute.ch\/wp-content\/uploads\/2020\/11\/boutonsTDAH.jpg\" alt=\"\" width=\"420\" height=\"147\" srcset=\"https:\/\/ergotherapeute.ch\/wp-content\/uploads\/2020\/11\/boutonsTDAH.jpg 420w, https:\/\/ergotherapeute.ch\/wp-content\/uploads\/2020\/11\/boutonsTDAH-300x105.jpg 300w\" sizes=\"(max-width: 420px) 100vw, 420px\" \/><\/a><\/td>\n<td style=\"width: 83.5847%; height: 161px;\"><a href=\"http:\/\/ergotherapeute.ch\/wp-content\/uploads\/2020\/11\/tdah-brochure-conseil.pdf\" target=\"_blank\" rel=\"noopener\"><span style=\"font-size: 18pt;\">Le Trouble du D\u00e9ficit de l&rsquo;Attention avec ou sans Hyperactivit\u00e9 (TDA\/H).<\/span><\/a><\/p>\n<p><span style=\"font-size: 12pt;\"><em>t\u00e9l\u00e9charger la brochure en version PDF ici.<\/em><\/span><\/td>\n<\/tr>\n<tr style=\"height: 161px;\">\n<td style=\"width: 22.8931%; height: 161px;\"><a href=\"http:\/\/ergotherapeute.ch\/wp-content\/uploads\/2020\/11\/brochure_dyspraxie_cle.pdf\" target=\"_blank\" rel=\"noopener\"><img loading=\"lazy\" decoding=\"async\" class=\"alignleft wp-image-273 size-full\" src=\"https:\/\/ergotherapeute.ch\/wp-content\/uploads\/2020\/11\/boutonsDysP.jpg\" alt=\"\" width=\"420\" height=\"147\" srcset=\"https:\/\/ergotherapeute.ch\/wp-content\/uploads\/2020\/11\/boutonsDysP.jpg 420w, https:\/\/ergotherapeute.ch\/wp-content\/uploads\/2020\/11\/boutonsDysP-300x105.jpg 300w\" sizes=\"(max-width: 420px) 100vw, 420px\" \/><\/a><\/td>\n<td style=\"width: 83.5847%; height: 161px;\"><a href=\"http:\/\/ergotherapeute.ch\/wp-content\/uploads\/2020\/11\/brochure_dyspraxie_cle.pdf\" target=\"_blank\" rel=\"noopener\"><span style=\"font-size: 18pt;\">Dyspraxie (Trouble D\u00e9veloppemental de la Coordination TDC).<\/span><\/a><\/p>\n<p><span style=\"font-size: 12pt;\"><em>t\u00e9l\u00e9charger la brochure en version PDF ici.<\/em><\/span><\/td>\n<\/tr>\n<tr>\n<td style=\"width: 22.8931%;\"><a href=\"https:\/\/ergotherapeute.ch\/wp-content\/uploads\/2026\/02\/Brochure_TSA2026.pdf\" target=\"_blank\" rel=\"noopener\"><img loading=\"lazy\" decoding=\"async\" class=\"alignleft wp-image-2226 size-full\" src=\"https:\/\/ergotherapeute.ch\/wp-content\/uploads\/2026\/02\/boutonsTSA.jpg\" alt=\"\" width=\"420\" height=\"147\" srcset=\"https:\/\/ergotherapeute.ch\/wp-content\/uploads\/2026\/02\/boutonsTSA.jpg 420w, https:\/\/ergotherapeute.ch\/wp-content\/uploads\/2026\/02\/boutonsTSA-300x105.jpg 300w\" sizes=\"(max-width: 420px) 100vw, 420px\" \/><\/a><\/td>\n<td style=\"width: 83.5847%;\"><a href=\"https:\/\/ergotherapeute.ch\/wp-content\/uploads\/2026\/02\/Brochure_TSA2026.pdf\" target=\"_blank\" rel=\"noopener\"><span style=\"font-size: 18pt;\">Le Trouble du Spectre Autistique (TSA).<\/span><\/a><\/p>\n<p><span style=\"font-size: 12pt;\"><em>t\u00e9l\u00e9charger la brochure en version PDF ici.<\/em><\/span><\/td>\n<\/tr>\n<tr style=\"height: 66px;\">\n<td style=\"width: 106.478%; height: 66px;\" colspan=\"2\">\n<h3><span style=\"font-size: 18pt;\">Affiches \u00e0 Charger<\/span><\/h3>\n<p><span style=\"font-size: 18pt;\">\u00a0<\/span><\/td>\n<\/tr>\n<tr style=\"height: 223px;\">\n<td style=\"width: 22.8931%; height: 223px;\"><img loading=\"lazy\" decoding=\"async\" class=\"alignleft wp-image-1619 size-medium\" src=\"https:\/\/ergotherapeute.ch\/wp-content\/uploads\/2021\/03\/webposter001-300x225.jpg\" alt=\"\" width=\"300\" height=\"225\" srcset=\"https:\/\/ergotherapeute.ch\/wp-content\/uploads\/2021\/03\/webposter001-300x225.jpg 300w, https:\/\/ergotherapeute.ch\/wp-content\/uploads\/2021\/03\/webposter001-1024x768.jpg 1024w, https:\/\/ergotherapeute.ch\/wp-content\/uploads\/2021\/03\/webposter001-768x576.jpg 768w, https:\/\/ergotherapeute.ch\/wp-content\/uploads\/2021\/03\/webposter001.jpg 1228w\" sizes=\"(max-width: 300px) 100vw, 300px\" \/><\/td>\n<td style=\"width: 83.5847%; height: 223px;\"><a href=\"https:\/\/ergotherapeute.ch\/wp-content\/uploads\/2021\/03\/webposter001.jpg\" target=\"_blank\" rel=\"noopener noreferrer\"><span style=\"font-size: 18pt;\">Contr\u00f4le postural.<\/span><\/a><\/p>\n<p><span style=\"font-size: 12pt;\"><em>t\u00e9l\u00e9charger l&rsquo;image ici.<\/em><\/span><\/p>\n<p><span style=\"font-size: 18pt;\">\u00a0<\/span><\/td>\n<\/tr>\n<tr style=\"height: 239px;\">\n<td style=\"width: 22.8931%; height: 239px;\"><img loading=\"lazy\" decoding=\"async\" class=\"alignleft wp-image-1620 size-medium\" src=\"https:\/\/ergotherapeute.ch\/wp-content\/uploads\/2021\/03\/webposter002b-300x225.jpg\" alt=\"\" width=\"300\" height=\"225\" srcset=\"https:\/\/ergotherapeute.ch\/wp-content\/uploads\/2021\/03\/webposter002b-300x225.jpg 300w, https:\/\/ergotherapeute.ch\/wp-content\/uploads\/2021\/03\/webposter002b-1024x768.jpg 1024w, https:\/\/ergotherapeute.ch\/wp-content\/uploads\/2021\/03\/webposter002b-768x576.jpg 768w, https:\/\/ergotherapeute.ch\/wp-content\/uploads\/2021\/03\/webposter002b.jpg 1228w\" sizes=\"(max-width: 300px) 100vw, 300px\" \/><\/td>\n<td style=\"width: 83.5847%; height: 239px;\"><a href=\"https:\/\/ergotherapeute.ch\/wp-content\/uploads\/2021\/03\/webposter002b.jpg\" target=\"_blank\" rel=\"noopener noreferrer\"><span style=\"font-size: 18pt;\">Axes corporels.<\/span><\/a><\/p>\n<p><span style=\"font-size: 12pt;\"><em>t\u00e9l\u00e9charger l&rsquo;image ici.<\/em><\/span><\/p>\n<p><span style=\"font-size: 18pt;\">\u00a0<\/span><\/td>\n<\/tr>\n<tr style=\"height: 239px;\">\n<td style=\"width: 22.8931%; height: 239px;\"><img loading=\"lazy\" decoding=\"async\" class=\"alignleft wp-image-1622 size-medium\" src=\"https:\/\/ergotherapeute.ch\/wp-content\/uploads\/2021\/03\/webposter005--300x225.jpg\" alt=\"\" width=\"300\" height=\"225\" srcset=\"https:\/\/ergotherapeute.ch\/wp-content\/uploads\/2021\/03\/webposter005--300x225.jpg 300w, https:\/\/ergotherapeute.ch\/wp-content\/uploads\/2021\/03\/webposter005--1024x768.jpg 1024w, https:\/\/ergotherapeute.ch\/wp-content\/uploads\/2021\/03\/webposter005--768x576.jpg 768w, https:\/\/ergotherapeute.ch\/wp-content\/uploads\/2021\/03\/webposter005-.jpg 1228w\" sizes=\"(max-width: 300px) 100vw, 300px\" \/><\/td>\n<td style=\"width: 83.5847%; height: 239px;\"><a href=\"https:\/\/ergotherapeute.ch\/wp-content\/uploads\/2021\/03\/webposter005-.jpg\" target=\"_blank\" rel=\"noopener noreferrer\"><span style=\"font-size: 18pt;\">Graphisme \/ Ecriture.<\/span><\/a><\/p>\n<p><span style=\"font-size: 12pt;\"><em>t\u00e9l\u00e9charger l&rsquo;image ici.<\/em><\/span><\/p>\n<p><span style=\"font-size: 18pt;\">\u00a0<\/span><\/td>\n<\/tr>\n<tr style=\"height: 239px;\">\n<td style=\"width: 22.8931%; height: 239px;\"><img loading=\"lazy\" decoding=\"async\" class=\"alignleft wp-image-1621 size-medium\" src=\"https:\/\/ergotherapeute.ch\/wp-content\/uploads\/2021\/03\/webposter004b-300x225.jpg\" alt=\"\" width=\"300\" height=\"225\" srcset=\"https:\/\/ergotherapeute.ch\/wp-content\/uploads\/2021\/03\/webposter004b-300x225.jpg 300w, https:\/\/ergotherapeute.ch\/wp-content\/uploads\/2021\/03\/webposter004b-1024x768.jpg 1024w, https:\/\/ergotherapeute.ch\/wp-content\/uploads\/2021\/03\/webposter004b-768x576.jpg 768w, https:\/\/ergotherapeute.ch\/wp-content\/uploads\/2021\/03\/webposter004b.jpg 1228w\" sizes=\"(max-width: 300px) 100vw, 300px\" \/><\/td>\n<td style=\"width: 83.5847%; height: 239px;\"><a href=\"https:\/\/ergotherapeute.ch\/wp-content\/uploads\/2021\/03\/webposter004b.jpg\" target=\"_blank\" rel=\"noopener noreferrer\"><span style=\"font-size: 18pt;\">Appareillages divers.<\/span><\/a><\/p>\n<p><span style=\"font-size: 12pt;\"><em>t\u00e9l\u00e9charger l&rsquo;image ici.<\/em><\/span><\/p>\n<p><span style=\"font-size: 18pt;\">\u00a0<\/span><\/td>\n<\/tr>\n<\/tbody>\n<\/table>\n<p>&nbsp;<\/p>\n<p>&nbsp;<\/p>\n<p>&nbsp;<\/p>\n<p>&nbsp;<\/p>\n<p>&nbsp;<\/p>\n<p>&nbsp;<\/p>\n<p>&nbsp;<\/p>\n<p>&nbsp;<\/p>\n<p>&nbsp;<\/p>\n<p>&nbsp;<\/p>\n<p>&nbsp;<\/p>\n<p>&nbsp;<\/p>\n<p>&nbsp;<\/p>\n<p>&nbsp;<\/p>\n<p>&nbsp;<\/p>\n<p>&nbsp;<\/p>\n<p>&nbsp;<\/p>\n","protected":false},"excerpt":{"rendered":"<p>Ordonnance d&rsquo;ergoth\u00e9rapie &nbsp; Indications m\u00e9dicales pour la remise d&rsquo;un fauteuil roulant pour enfants &nbsp; Indications m\u00e9dicales pour la remise d&rsquo;un fauteuil roulant pour adulte &nbsp; Formulaire de demande de remise d&rsquo;un fauteuil roulant &nbsp; Liste des infirmit\u00e9s cong\u00e9nitales &nbsp; Am\u00e9nagements scolaires pour enfants avec; dyspraxie, TDAH, dyslexie, etc. &nbsp; &nbsp; Brochures \/ Conseils\u00a0 pour les<\/p><\/div>\n<div class=\"blog-btn\"><a href=\"https:\/\/ergotherapeute.ch\/?page_id=51\" class=\"home-blog-btn\">Lire la suite<\/a><\/p>\n","protected":false},"author":1,"featured_media":0,"parent":0,"menu_order":0,"comment_status":"closed","ping_status":"closed","template":"","meta":{"footnotes":""},"class_list":["post-51","page","type-page","status-publish","hentry"],"_links":{"self":[{"href":"https:\/\/ergotherapeute.ch\/index.php?rest_route=\/wp\/v2\/pages\/51","targetHints":{"allow":["GET"]}}],"collection":[{"href":"https:\/\/ergotherapeute.ch\/index.php?rest_route=\/wp\/v2\/pages"}],"about":[{"href":"https:\/\/ergotherapeute.ch\/index.php?rest_route=\/wp\/v2\/types\/page"}],"author":[{"embeddable":true,"href":"https:\/\/ergotherapeute.ch\/index.php?rest_route=\/wp\/v2\/users\/1"}],"replies":[{"embeddable":true,"href":"https:\/\/ergotherapeute.ch\/index.php?rest_route=%2Fwp%2Fv2%2Fcomments&post=51"}],"version-history":[{"count":61,"href":"https:\/\/ergotherapeute.ch\/index.php?rest_route=\/wp\/v2\/pages\/51\/revisions"}],"predecessor-version":[{"id":2230,"href":"https:\/\/ergotherapeute.ch\/index.php?rest_route=\/wp\/v2\/pages\/51\/revisions\/2230"}],"wp:attachment":[{"href":"https:\/\/ergotherapeute.ch\/index.php?rest_route=%2Fwp%2Fv2%2Fmedia&parent=51"}],"curies":[{"name":"wp","href":"https:\/\/api.w.org\/{rel}","templated":true}]}}