{"id":486,"date":"2020-11-25T23:24:47","date_gmt":"2020-11-25T23:24:47","guid":{"rendered":"http:\/\/ergotherapeute.ch\/?page_id=486"},"modified":"2020-12-13T23:39:21","modified_gmt":"2020-12-13T23:39:21","slug":"avec-les-personnes-agees","status":"publish","type":"page","link":"https:\/\/ergotherapeute.ch\/?page_id=486","title":{"rendered":"avec les personnes \u00e2g\u00e9es"},"content":{"rendered":"<h1 class=\"title\">L\u2019ergoth\u00e9rapie avec les personnes \u00e2g\u00e9es<\/h1>\n<h1 id=\"p0\" class=\"title\"><em><span style=\"font-size: 14pt;\"> <a href=\"https:\/\/www.ergotherapie.ch\/page-dacceuil\">(D\u00e9finition de l&rsquo;association Suisse des ergoth\u00e9rapeutes-ASE, lien)<\/a><\/span><\/em><\/h1>\n<hr id=\"p1\" \/>\n<p id=\"p2\" class=\"text\"><span style=\"font-size: 14pt;\">L\u2019ergoth\u00e9rapie est une profession centr\u00e9e sur le d\u00e9veloppement et le maintien de la capacit\u00e9 d\u2019agir des personnes. Elle contribue \u00e0 l\u2019am\u00e9lioration de la sant\u00e9 et de la qualit\u00e9 de la vie. Elle facilite la participation \u00e0 la soci\u00e9t\u00e9 en permettant de r\u00e9aliser les activit\u00e9s quotidiennes.<\/span><\/p>\n<p><strong><span class=\"bold\" style=\"font-size: 14pt;\">L\u2019ergoth\u00e9rapie pour qui ?<\/span><\/strong><br \/>\n<span style=\"font-size: 14pt;\">L\u2019avanc\u00e9e en \u00e2ge implique des changements physiques, psychiques et sociaux qui ont une incidence dans la vie quotidienne des personnes. Parfois, des difficult\u00e9s \u00e0 sortir de chez soi, \u00e0 suivre une \u00e9mission de TV, \u00e0 retirer de l\u2019argent au bancomat, \u00e0 prendre soin de soi ou des autres, \u00e0 ranger son appartement, ou le sentiment de perdre le contr\u00f4le de son avenir peuvent survenir. Ces difficult\u00e9s peuvent \u00eatre en relation avec de la d\u00e9motivation, des douleurs chroniques, une baisse de<\/span><br \/>\n<span style=\"font-size: 14pt;\">capacit\u00e9 (force, sensibilit\u00e9, mobilit\u00e9, vue, m\u00e9moire, etc.), des changements de r\u00f4les sociaux (retraite, vie familiale, etc.) ou encore avec un environnement inadapt\u00e9 (barri\u00e8res architecturales, \u00e9loignement des commodit\u00e9s, etc.).<\/span><\/p>\n<p><strong><span class=\"bold\" style=\"font-size: 14pt;\">Ce qu\u2019offre l\u2019ergoth\u00e9rapie ?<\/span><\/strong><br \/>\n<span style=\"font-size: 14pt;\">Les ergoth\u00e9rapeutes ont l\u2019expertise et les connaissances n\u00e9cessaires pour collaborer avec les personnes concern\u00e9es, leurs proches ou des institutions, \u00e0 la r\u00e9solution ou la r\u00e9duction de ces difficult\u00e9s.<\/span><\/p>\n<p><strong><span style=\"font-size: 14pt;\">Les ergoth\u00e9rapeutes peuvent notamment offrir des prestations :<\/span><\/strong><\/p>\n<ul id=\"p3\" class=\"text\">\n<li><span style=\"font-size: 14pt;\">d\u2019accompagnement et de soutien dans la r\u00e9adaptation et l\u2019entra\u00eenement<\/span><\/li>\n<li><span style=\"font-size: 14pt;\">aux activit\u00e9s de tous les jours, y compris avec les proches aidants,<\/span><\/li>\n<li><span style=\"font-size: 14pt;\">d\u2019aide et de conseils pour un am\u00e9nagement ad\u00e9quat du domicile, pour le choix de moyens auxiliaires et d\u2019aides techniques bien adapt\u00e9s,<\/span><\/li>\n<li><span style=\"font-size: 14pt;\">d\u2019aide et de conseils pour le positionnement des personnes pr\u00e9sentant une mobilit\u00e9 restreinte,<\/span><\/li>\n<li><span style=\"font-size: 14pt;\">d\u2019aide et de conseils pour le choix et la mise en oeuvre d\u2019activit\u00e9s de groupe adapt\u00e9es, en institution ou dans la communaut\u00e9,<\/span><\/li>\n<li><span style=\"font-size: 14pt;\">d\u2019aide et de conseils de pr\u00e9vention, par exemple pr\u00e9vention des chutes, pr\u00e9vention des douleurs,<\/span><\/li>\n<li><span style=\"font-size: 14pt;\">d\u2019aide et de conseils pour que les activit\u00e9s soient promotrices de sant\u00e9 et de qualit\u00e9 de vie.<\/span><\/li>\n<\/ul>\n<p id=\"p4\" class=\"text\"><span style=\"font-size: 14pt;\">En se centrant sur les activit\u00e9s que la personne juge comme \u00e9tant importantes pour elle, les ergoth\u00e9rapeutes contribuent \u00e0 redonner \u00e0 la personne \u00e2g\u00e9e une meilleure ma\u00eetrise de son quotidien.<\/span><\/p>\n","protected":false},"excerpt":{"rendered":"<p>L\u2019ergoth\u00e9rapie avec les personnes \u00e2g\u00e9es (D\u00e9finition de l&rsquo;association Suisse des ergoth\u00e9rapeutes-ASE, lien) L\u2019ergoth\u00e9rapie est une profession centr\u00e9e sur le d\u00e9veloppement et le maintien de la capacit\u00e9 d\u2019agir des personnes. Elle contribue \u00e0 l\u2019am\u00e9lioration de la sant\u00e9 et de la qualit\u00e9 de la vie. Elle facilite la participation \u00e0 la soci\u00e9t\u00e9 en permettant de r\u00e9aliser les<\/p><\/div>\n<div class=\"blog-btn\"><a href=\"https:\/\/ergotherapeute.ch\/?page_id=486\" class=\"home-blog-btn\">Lire la suite<\/a><\/p>\n","protected":false},"author":1,"featured_media":0,"parent":0,"menu_order":5,"comment_status":"closed","ping_status":"closed","template":"","meta":{"footnotes":""},"class_list":["post-486","page","type-page","status-publish","hentry"],"_links":{"self":[{"href":"https:\/\/ergotherapeute.ch\/index.php?rest_route=\/wp\/v2\/pages\/486","targetHints":{"allow":["GET"]}}],"collection":[{"href":"https:\/\/ergotherapeute.ch\/index.php?rest_route=\/wp\/v2\/pages"}],"about":[{"href":"https:\/\/ergotherapeute.ch\/index.php?rest_route=\/wp\/v2\/types\/page"}],"author":[{"embeddable":true,"href":"https:\/\/ergotherapeute.ch\/index.php?rest_route=\/wp\/v2\/users\/1"}],"replies":[{"embeddable":true,"href":"https:\/\/ergotherapeute.ch\/index.php?rest_route=%2Fwp%2Fv2%2Fcomments&post=486"}],"version-history":[{"count":6,"href":"https:\/\/ergotherapeute.ch\/index.php?rest_route=\/wp\/v2\/pages\/486\/revisions"}],"predecessor-version":[{"id":1465,"href":"https:\/\/ergotherapeute.ch\/index.php?rest_route=\/wp\/v2\/pages\/486\/revisions\/1465"}],"wp:attachment":[{"href":"https:\/\/ergotherapeute.ch\/index.php?rest_route=%2Fwp%2Fv2%2Fmedia&parent=486"}],"curies":[{"name":"wp","href":"https:\/\/api.w.org\/{rel}","templated":true}]}}