{"id":289,"date":"2020-11-22T19:54:45","date_gmt":"2020-11-22T19:54:45","guid":{"rendered":"http:\/\/ergotherapeute.ch\/?page_id=289"},"modified":"2026-01-19T08:56:27","modified_gmt":"2026-01-19T08:56:27","slug":"publications","status":"publish","type":"page","link":"https:\/\/ergotherapeute.ch\/?page_id=289","title":{"rendered":"Publications"},"content":{"rendered":"<p>&nbsp;<\/p>\n<table style=\"height: 902px; width: 100%; border-collapse: collapse; border-style: none;\">\n<tbody>\n<tr>\n<td style=\"width: 10.8517%;\"><a href=\"https:\/\/ergotherapeute.ch\/wp-content\/uploads\/2026\/01\/bullinger7e.jpg\" target=\"_blank\" rel=\"noopener\"><img decoding=\"async\" class=\"alignleft wp-image-2214\" src=\"https:\/\/ergotherapeute.ch\/wp-content\/uploads\/2026\/01\/bullinger7e-150x150.jpg\" alt=\"\" width=\"188\" height=\"252\" \/><\/a><\/td>\n<td style=\"width: 12.6674%;\">2025\/1 n\u00b0189<\/td>\n<td style=\"width: 76.4808%;\"><span style=\"font-size: 18pt;\">7\u00e8me Journ\u00e9e scientifique de l&rsquo;ABSM. LIVRE du congr\u00e8s<\/span><\/p>\n<p class=\"font-light text-5xl text-lg leading-5 text-[#323232] !font-medium lg:!leading-8 lg:!text-[27px]\"><a href=\"https:\/\/shs.cairn.info\/revue-therapie-psychomotrice-et-recherches-2025-1?lang=fr\" target=\"_blank\" rel=\"noopener\"><span style=\"font-size: 18pt;\">La construction de l\u2019axe corporel, comme base des coordinations multiples et des fonctions praxiques.<\/span><\/a><\/p>\n<p><span style=\"font-size: 18pt;\"><em>L. Vuilleumier<\/em><\/span><\/p>\n<p><span style=\"font-size: 18pt;\">\u00a0<\/span><\/td>\n<\/tr>\n<tr style=\"height: 20px;\">\n<td style=\"width: 10.8517%; height: 20px;\"><a href=\"http:\/\/ergotherapeute.ch\/wp-content\/uploads\/2020\/11\/couverture_imageAvant.jpg\"><img decoding=\"async\" class=\"alignleft wp-image-179\" src=\"http:\/\/ergotherapeute.ch\/wp-content\/uploads\/2020\/11\/couverture_imageAvant-150x150.jpg\" alt=\"\" width=\"180\" height=\"252\" srcset=\"https:\/\/ergotherapeute.ch\/wp-content\/uploads\/2020\/11\/couverture_imageAvant-214x300.jpg 214w, https:\/\/ergotherapeute.ch\/wp-content\/uploads\/2020\/11\/couverture_imageAvant.jpg 728w\" sizes=\"(max-width: 180px) 100vw, 180px\" \/><\/a><\/td>\n<td style=\"width: 12.6674%; height: 20px;\">2020 Juillet<\/td>\n<td style=\"width: 76.4808%; height: 20px;\"><a href=\"http:\/\/ergotherapeute.ch\/wp-content\/uploads\/2020\/11\/couverture_image.jpg\"><span style=\"font-size: 18pt;\">Le d\u00e9veloppement sensori-moteur de l&rsquo;enfant. LIVRE<\/span><\/a><\/p>\n<p><span style=\"font-size: 18pt;\"><em>L. Vuilleumier, B. Moulis-Wyndels, M. Bickle-Graz, A. Vuilleumier-Frutig<\/em><\/span><\/td>\n<\/tr>\n<tr style=\"height: 194px;\">\n<td style=\"width: 10.8517%; height: 194px;\"><a href=\"http:\/\/ergotherapeute.ch\/wp-content\/uploads\/2020\/11\/2020-11-29_001840.jpg\"><img decoding=\"async\" class=\"alignleft wp-image-621\" src=\"http:\/\/ergotherapeute.ch\/wp-content\/uploads\/2020\/11\/2020-11-29_001840-150x150.jpg\" alt=\"\" width=\"180\" height=\"270\" srcset=\"https:\/\/ergotherapeute.ch\/wp-content\/uploads\/2020\/11\/2020-11-29_001840-200x300.jpg 200w, https:\/\/ergotherapeute.ch\/wp-content\/uploads\/2020\/11\/2020-11-29_001840.jpg 675w\" sizes=\"(max-width: 180px) 100vw, 180px\" \/><\/a><\/td>\n<td style=\"width: 12.6674%; height: 194px;\">2017 octobre<\/td>\n<td style=\"width: 76.4808%; height: 194px;\"><span style=\"font-size: 18pt;\"><a href=\"http:\/\/ergotherapeute.ch\/wp-content\/uploads\/2020\/11\/004_article_vuilleumier_prehension.pdf\">De la main physiologique vers une conscientisation de la dext\u00e9rit\u00e9.<\/a><\/span><\/p>\n<p><span style=\"font-size: 18pt;\"><em>L. Vuilleumier, A. Vuilleumier-Frutig<\/em><\/span><\/td>\n<\/tr>\n<tr style=\"height: 194px;\">\n<td style=\"width: 10.8517%; height: 194px;\"><a href=\"http:\/\/ergotherapeute.ch\/wp-content\/uploads\/2020\/11\/2020-11-29_001300.jpg\"><img loading=\"lazy\" decoding=\"async\" class=\"alignleft wp-image-618\" src=\"http:\/\/ergotherapeute.ch\/wp-content\/uploads\/2020\/11\/2020-11-29_001300-150x150.jpg\" alt=\"\" width=\"180\" height=\"275\" srcset=\"https:\/\/ergotherapeute.ch\/wp-content\/uploads\/2020\/11\/2020-11-29_001300-197x300.jpg 197w, https:\/\/ergotherapeute.ch\/wp-content\/uploads\/2020\/11\/2020-11-29_001300.jpg 665w\" sizes=\"(max-width: 180px) 100vw, 180px\" \/><\/a><\/td>\n<td style=\"width: 12.6674%; height: 194px;\">2015 octobre<\/td>\n<td style=\"width: 76.4808%; height: 194px;\"><span style=\"font-size: 18pt;\"><a href=\"http:\/\/ergotherapeute.ch\/wp-content\/uploads\/2020\/11\/Article-_-Armel-Houdayer.pdf\">Les sens, essence de la vie.<\/a><\/span><\/p>\n<p><span style=\"font-size: 18pt;\"><em>A. Houdayaer<\/em><\/span><\/td>\n<\/tr>\n<tr style=\"height: 20px;\">\n<td style=\"width: 10.8517%; height: 20px;\"><a href=\"http:\/\/ergotherapeute.ch\/wp-content\/uploads\/2020\/11\/2020-11-29_001300.jpg\"><img loading=\"lazy\" decoding=\"async\" class=\"alignleft wp-image-618\" src=\"http:\/\/ergotherapeute.ch\/wp-content\/uploads\/2020\/11\/2020-11-29_001300-150x150.jpg\" alt=\"\" width=\"180\" height=\"275\" srcset=\"https:\/\/ergotherapeute.ch\/wp-content\/uploads\/2020\/11\/2020-11-29_001300-197x300.jpg 197w, https:\/\/ergotherapeute.ch\/wp-content\/uploads\/2020\/11\/2020-11-29_001300.jpg 665w\" sizes=\"(max-width: 180px) 100vw, 180px\" \/><\/a><\/td>\n<td style=\"width: 12.6674%; height: 20px;\">2015 octobre<\/td>\n<td style=\"width: 76.4808%; height: 20px;\"><span style=\"font-size: 18pt;\"><a href=\"http:\/\/ergotherapeute.ch\/wp-content\/uploads\/2020\/11\/Article_Bachmann_Corminboeuf.pdf\">Posture assise en classe. Facteur indispensable au d\u00e9veloppement des pr\u00e9requis sensori-moteurs du graphisme \/ POSTURE ASSISE.<\/a><\/span><\/p>\n<p><span style=\"font-size: 18pt;\"><em>E. Bachmann, G. Corminboeuf<\/em><\/span><\/td>\n<\/tr>\n<tr style=\"height: 20px;\">\n<td style=\"width: 10.8517%; height: 20px;\"><a href=\"http:\/\/ergotherapeute.ch\/wp-content\/uploads\/2020\/11\/CHEMIN_DVD03.jpg\"><img loading=\"lazy\" decoding=\"async\" class=\"alignleft wp-image-614\" src=\"http:\/\/ergotherapeute.ch\/wp-content\/uploads\/2020\/11\/CHEMIN_DVD03-150x150.jpg\" alt=\"\" width=\"180\" height=\"243\" srcset=\"https:\/\/ergotherapeute.ch\/wp-content\/uploads\/2020\/11\/CHEMIN_DVD03-222x300.jpg 222w, https:\/\/ergotherapeute.ch\/wp-content\/uploads\/2020\/11\/CHEMIN_DVD03-758x1024.jpg 758w, https:\/\/ergotherapeute.ch\/wp-content\/uploads\/2020\/11\/CHEMIN_DVD03-768x1038.jpg 768w, https:\/\/ergotherapeute.ch\/wp-content\/uploads\/2020\/11\/CHEMIN_DVD03-1137x1536.jpg 1137w, https:\/\/ergotherapeute.ch\/wp-content\/uploads\/2020\/11\/CHEMIN_DVD03-1516x2048.jpg 1516w, https:\/\/ergotherapeute.ch\/wp-content\/uploads\/2020\/11\/CHEMIN_DVD03.jpg 1634w\" sizes=\"(max-width: 180px) 100vw, 180px\" \/><\/a><\/td>\n<td style=\"width: 12.6674%; height: 20px;\">2015 mai<\/td>\n<td style=\"width: 76.4808%; height: 20px;\"><span style=\"font-size: 18pt;\"><a href=\"http:\/\/ergotherapeute.ch\/wp-content\/uploads\/2020\/11\/003CHEMIN_DVD_DEF_WEB.jpg\">Le chemin du d\u00e9veloppement \/ DVD FILM<\/a><\/span><\/p>\n<p><span style=\"font-size: 18pt;\"><em>L. Vuilleumier, A. Vuilleumier-Frutig<\/em><\/span><\/td>\n<\/tr>\n<tr style=\"height: 20px;\">\n<td style=\"width: 10.8517%; height: 20px;\"><a href=\"http:\/\/ergotherapeute.ch\/wp-content\/uploads\/2020\/11\/2020-11-28_235732.jpg\"><img loading=\"lazy\" decoding=\"async\" class=\"alignleft wp-image-609\" src=\"http:\/\/ergotherapeute.ch\/wp-content\/uploads\/2020\/11\/2020-11-28_235732-150x150.jpg\" alt=\"\" width=\"180\" height=\"269\" srcset=\"https:\/\/ergotherapeute.ch\/wp-content\/uploads\/2020\/11\/2020-11-28_235732-201x300.jpg 201w, https:\/\/ergotherapeute.ch\/wp-content\/uploads\/2020\/11\/2020-11-28_235732.jpg 675w\" sizes=\"(max-width: 180px) 100vw, 180px\" \/><\/a><\/td>\n<td style=\"width: 12.6674%; height: 20px;\">2014 octobre<\/td>\n<td style=\"width: 76.4808%; height: 20px;\"><span style=\"font-size: 18pt;\"><a href=\"http:\/\/ergotherapeute.ch\/wp-content\/uploads\/2020\/11\/003_article_vuilleumier.pdf\">Le d\u00e9veloppement de postures stables et dynamiques chez l&rsquo;enfant, pour permettre la r\u00e9alisation d&rsquo;une activit\u00e9 \/ POSITION &#8211; POSTURE.<\/a><\/span><\/p>\n<p><span style=\"font-size: 18pt;\"><em>L. Vuilleumier, A. Vuilleumier-Frutig<\/em><\/span><\/td>\n<\/tr>\n<tr style=\"height: 20px;\">\n<td style=\"width: 10.8517%; height: 20px;\"><a href=\"https:\/\/latele.ch\/recherche?s=La+trisomie+21+est+menac%C3%A9e+de+disparition+en+Suisse\"><img loading=\"lazy\" decoding=\"async\" class=\"alignleft wp-image-604\" src=\"http:\/\/ergotherapeute.ch\/wp-content\/uploads\/2020\/11\/latele-150x150.jpg\" alt=\"\" width=\"180\" height=\"188\" srcset=\"https:\/\/ergotherapeute.ch\/wp-content\/uploads\/2020\/11\/latele-287x300.jpg 287w, https:\/\/ergotherapeute.ch\/wp-content\/uploads\/2020\/11\/latele.jpg 629w\" sizes=\"(max-width: 180px) 100vw, 180px\" \/><\/a><\/td>\n<td style=\"width: 12.6674%; height: 20px;\">2012 mai<\/td>\n<td style=\"width: 76.4808%; height: 20px;\"><span style=\"font-size: 18pt;\"><a href=\"https:\/\/latele.ch\/recherche?s=La+trisomie+21+est+menac%C3%A9e+de+disparition+en+Suisse\">Tests pr\u00e9nataux: La trisomie 21 est menac\u00e9e de disparition en Suisse \/ EMISSION TV \u00ab\u00a0La T\u00e9l\u00e9\u00a0\u00bb.<\/a><\/span><\/p>\n<p><span style=\"font-size: 18pt;\"><em>Emission TV \u00ab\u00a0La T\u00e9l\u00e9\u00a0\u00bb<\/em><\/span><\/td>\n<\/tr>\n<tr style=\"height: 20px;\">\n<td style=\"width: 10.8517%; height: 20px;\"><a href=\"http:\/\/ergotherapeute.ch\/wp-content\/uploads\/2020\/11\/livre2011.jpg\"><img loading=\"lazy\" decoding=\"async\" class=\"alignleft wp-image-601\" src=\"http:\/\/ergotherapeute.ch\/wp-content\/uploads\/2020\/11\/livre2011-150x150.jpg\" alt=\"\" width=\"180\" height=\"274\" srcset=\"https:\/\/ergotherapeute.ch\/wp-content\/uploads\/2020\/11\/livre2011-197x300.jpg 197w, https:\/\/ergotherapeute.ch\/wp-content\/uploads\/2020\/11\/livre2011.jpg 504w\" sizes=\"(max-width: 180px) 100vw, 180px\" \/><\/a><\/td>\n<td style=\"width: 12.6674%; height: 20px;\">2011 octobre<\/td>\n<td style=\"width: 76.4808%; height: 20px;\"><span style=\"font-size: 18pt;\"><a href=\"http:\/\/ergotherapeute.ch\/wp-content\/uploads\/2020\/11\/posture_assise_appareillage2011.pdf\">Le D\u00e9veloppement de la posture assise \u00e0 travers un appareillage provisoire \/\u00a0 COQUE ASSISE.<\/a><\/span><\/p>\n<p><span style=\"font-size: 18pt;\"><em>L. Vuilleumier<\/em><\/span><\/td>\n<\/tr>\n<tr style=\"height: 20px;\">\n<td style=\"width: 10.8517%; height: 20px;\"><a href=\"http:\/\/ergotherapeute.ch\/wp-content\/uploads\/2020\/11\/semelle_pdf.jpg\"><img loading=\"lazy\" decoding=\"async\" class=\"alignleft wp-image-598\" src=\"http:\/\/ergotherapeute.ch\/wp-content\/uploads\/2020\/11\/semelle_pdf-150x150.jpg\" alt=\"\" width=\"180\" height=\"128\" srcset=\"https:\/\/ergotherapeute.ch\/wp-content\/uploads\/2020\/11\/semelle_pdf-300x213.jpg 300w, https:\/\/ergotherapeute.ch\/wp-content\/uploads\/2020\/11\/semelle_pdf.jpg 633w\" sizes=\"(max-width: 180px) 100vw, 180px\" \/><\/a><\/td>\n<td style=\"width: 12.6674%; height: 20px;\">2011 janvier<\/td>\n<td style=\"width: 76.4808%; height: 20px;\"><span style=\"font-size: 18pt;\"><a href=\"http:\/\/ergotherapeute.ch\/wp-content\/uploads\/2020\/11\/etrier_cqep_2011_lt.pdf\">Orth\u00e8ses plantaires avec \u00e9trier calcan\u00e9en Document de travail CQEP SEMELLES \/ ETRIER .<\/a><\/span><\/p>\n<p><span style=\"font-size: 18pt;\"><em>Cercle de Qualit\u00e9 en Ergoth\u00e9rapie P\u00e9diatrique \/ CQEP<\/em><\/span><\/td>\n<\/tr>\n<tr style=\"height: 20px;\">\n<td style=\"width: 10.8517%; height: 20px;\"><a href=\"http:\/\/ergotherapeute.ch\/wp-content\/uploads\/2020\/11\/ase.jpg\"><img loading=\"lazy\" decoding=\"async\" class=\"alignleft wp-image-595\" src=\"http:\/\/ergotherapeute.ch\/wp-content\/uploads\/2020\/11\/ase-150x150.jpg\" alt=\"\" width=\"180\" height=\"247\" srcset=\"https:\/\/ergotherapeute.ch\/wp-content\/uploads\/2020\/11\/ase-218x300.jpg 218w, https:\/\/ergotherapeute.ch\/wp-content\/uploads\/2020\/11\/ase.jpg 235w\" sizes=\"(max-width: 180px) 100vw, 180px\" \/><\/a><\/td>\n<td style=\"width: 12.6674%; height: 20px;\">2010 septembre<\/td>\n<td style=\"width: 76.4808%; height: 20px;\"><span style=\"font-size: 18pt;\"><a href=\"http:\/\/ergotherapeute.ch\/wp-content\/uploads\/2020\/11\/ASE_appareillage.pdf\">Document r\u00e9alis\u00e9 pour EVS\/ASE Traitement d&rsquo;ergoth\u00e9rapie par orth\u00e8se Indications pour les assurances.<\/a><\/span><\/p>\n<p><span style=\"font-size: 18pt;\"><em>Cavin, Ciuffi, Kraft Fidelis, Messiaux, Vodoz, Vuilleumier<\/em><\/span><\/td>\n<\/tr>\n<tr style=\"height: 20px;\">\n<td style=\"width: 10.8517%; height: 20px;\"><a href=\"http:\/\/ergotherapeute.ch\/wp-content\/uploads\/2020\/11\/2020-11-29_000058.jpg\"><img loading=\"lazy\" decoding=\"async\" class=\"alignleft wp-image-611\" src=\"http:\/\/ergotherapeute.ch\/wp-content\/uploads\/2020\/11\/2020-11-29_000058-150x150.jpg\" alt=\"\" width=\"180\" height=\"271\" srcset=\"https:\/\/ergotherapeute.ch\/wp-content\/uploads\/2020\/11\/2020-11-29_000058-199x300.jpg 199w, https:\/\/ergotherapeute.ch\/wp-content\/uploads\/2020\/11\/2020-11-29_000058.jpg 670w\" sizes=\"(max-width: 180px) 100vw, 180px\" \/><\/a><\/td>\n<td style=\"width: 12.6674%; height: 20px;\">2009 octobre<\/td>\n<td style=\"width: 76.4808%; height: 20px;\"><span style=\"font-size: 18pt;\"><a href=\"http:\/\/ergotherapeute.ch\/wp-content\/uploads\/2020\/11\/CLE-2009-article-verticalisation-precoce-02.pdf\">Verticalisation pr\u00e9coce de l&rsquo;enfant avec paralysie c\u00e9r\u00e9brale \/ VERTICALISATION.<\/a><\/span><\/p>\n<p><span style=\"font-size: 18pt;\"><em>L. Vuilleumier, R. Pelus, Ch. Newman, B. Moulis-Wyndels<\/em><\/span><\/td>\n<\/tr>\n<tr style=\"height: 20px;\">\n<td style=\"width: 10.8517%; height: 20px;\"><a href=\"http:\/\/ergotherapeute.ch\/wp-content\/uploads\/2020\/11\/Poster-erghopt03.jpg\"><img loading=\"lazy\" decoding=\"async\" class=\"alignleft wp-image-580\" src=\"http:\/\/ergotherapeute.ch\/wp-content\/uploads\/2020\/11\/Poster-erghopt03-180x300.jpg\" alt=\"\" width=\"180\" height=\"300\" srcset=\"https:\/\/ergotherapeute.ch\/wp-content\/uploads\/2020\/11\/Poster-erghopt03-180x300.jpg 180w, https:\/\/ergotherapeute.ch\/wp-content\/uploads\/2020\/11\/Poster-erghopt03.jpg 612w\" sizes=\"(max-width: 180px) 100vw, 180px\" \/><\/a><\/td>\n<td style=\"width: 12.6674%; height: 20px;\">2008 novembre<\/td>\n<td style=\"width: 76.4808%; height: 20px;\"><span style=\"font-size: 18pt;\"><a href=\"http:\/\/ergotherapeute.ch\/wp-content\/uploads\/2020\/11\/Poster_contrainte_cle.pdf\">Poster th\u00e9rapie motrice par la contrainte induite \/ ORTHESE.<\/a><\/span><\/p>\n<p><span style=\"font-size: 18pt;\"><em>Ch. Newman, L. Vuilleumier, A. Vuilleumier-Frutig, R. Jaton, C. Holenweg-Gross<\/em><\/span><\/td>\n<\/tr>\n<tr>\n<td style=\"width: 10.8517%;\"><a href=\"http:\/\/ergotherapeute.ch\/wp-content\/uploads\/2020\/11\/bulletin_22.jpg\"><img loading=\"lazy\" decoding=\"async\" class=\"alignleft wp-image-571\" src=\"http:\/\/ergotherapeute.ch\/wp-content\/uploads\/2020\/11\/bulletin_22-150x150.jpg\" alt=\"\" width=\"180\" height=\"266\" srcset=\"https:\/\/ergotherapeute.ch\/wp-content\/uploads\/2020\/11\/bulletin_22-203x300.jpg 203w, https:\/\/ergotherapeute.ch\/wp-content\/uploads\/2020\/11\/bulletin_22.jpg 405w\" sizes=\"(max-width: 180px) 100vw, 180px\" \/><\/a><\/td>\n<td style=\"width: 12.6674%;\">2008 novembre<\/td>\n<td style=\"width: 76.4808%;\"><span style=\"font-size: 18pt;\"><a href=\"http:\/\/ergotherapeute.ch\/wp-content\/uploads\/2020\/11\/Newman-et-al4.-PP-2008.pdf\">Th\u00e9rapie Motrice par la Contrainte Induite: D\u00e9veloppement d&rsquo;une nouvelle Orth\u00e8se \u00ab\u00a0Active\u00a0\u00bb \/ CONTRAINTE.<\/a><\/span><\/p>\n<p><span style=\"font-size: 18pt;\"><em>Ch. Newman, L. Vuilleumier, A. Vuilleumier-Frutig, R. Jaton, C. Holenweg-Gross<\/em><\/span><\/p>\n<p><span style=\"font-size: 18pt;\">\u00a0<\/span><\/td>\n<\/tr>\n<\/tbody>\n<\/table>\n<p>&nbsp;<\/p>\n","protected":false},"excerpt":{"rendered":"<p>&nbsp; 2025\/1 n\u00b0189 7\u00e8me Journ\u00e9e scientifique de l&rsquo;ABSM. LIVRE du congr\u00e8s La construction de l\u2019axe corporel, comme base des coordinations multiples et des fonctions praxiques. L. Vuilleumier \u00a0 2020 Juillet Le d\u00e9veloppement sensori-moteur de l&rsquo;enfant. LIVRE L. Vuilleumier, B. Moulis-Wyndels, M. Bickle-Graz, A. Vuilleumier-Frutig 2017 octobre De la main physiologique vers une conscientisation de la<\/p><\/div>\n<div class=\"blog-btn\"><a href=\"https:\/\/ergotherapeute.ch\/?page_id=289\" class=\"home-blog-btn\">Lire la suite<\/a><\/p>\n","protected":false},"author":1,"featured_media":0,"parent":0,"menu_order":0,"comment_status":"closed","ping_status":"closed","template":"","meta":{"footnotes":""},"class_list":["post-289","page","type-page","status-publish","hentry"],"_links":{"self":[{"href":"https:\/\/ergotherapeute.ch\/index.php?rest_route=\/wp\/v2\/pages\/289","targetHints":{"allow":["GET"]}}],"collection":[{"href":"https:\/\/ergotherapeute.ch\/index.php?rest_route=\/wp\/v2\/pages"}],"about":[{"href":"https:\/\/ergotherapeute.ch\/index.php?rest_route=\/wp\/v2\/types\/page"}],"author":[{"embeddable":true,"href":"https:\/\/ergotherapeute.ch\/index.php?rest_route=\/wp\/v2\/users\/1"}],"replies":[{"embeddable":true,"href":"https:\/\/ergotherapeute.ch\/index.php?rest_route=%2Fwp%2Fv2%2Fcomments&post=289"}],"version-history":[{"count":79,"href":"https:\/\/ergotherapeute.ch\/index.php?rest_route=\/wp\/v2\/pages\/289\/revisions"}],"predecessor-version":[{"id":2219,"href":"https:\/\/ergotherapeute.ch\/index.php?rest_route=\/wp\/v2\/pages\/289\/revisions\/2219"}],"wp:attachment":[{"href":"https:\/\/ergotherapeute.ch\/index.php?rest_route=%2Fwp%2Fv2%2Fmedia&parent=289"}],"curies":[{"name":"wp","href":"https:\/\/api.w.org\/{rel}","templated":true}]}}