{"id":1215,"date":"2020-12-03T20:17:52","date_gmt":"2020-12-03T20:17:52","guid":{"rendered":"http:\/\/ergotherapeute.ch\/?page_id=1215"},"modified":"2020-12-13T23:37:28","modified_gmt":"2020-12-13T23:37:28","slug":"activites-du-centre-cle","status":"publish","type":"page","link":"https:\/\/ergotherapeute.ch\/?page_id=1215","title":{"rendered":"activit\u00e9s du centre cl\u00e9"},"content":{"rendered":"<blockquote>\n<h3><span style=\"font-size: 24pt;\"><strong>Le sens des valeurs<\/strong><\/span><\/h3>\n<\/blockquote>\n<p><span style=\"font-size: 14pt;\">Toutes les actions accomplies par les ergoth\u00e9rapeutes de l\u2019\u00e9quipe du <strong>centre cl\u00e9<\/strong> sont motiv\u00e9es par le mieux-\u00eatre de la patient\u00e8le et par des valeurs fondamentales communes: le professionnalisme, le savoir-faire, le respect, la rigueur ainsi que le travail d&rsquo;\u00e9quipe r\u00e9alis\u00e9 dans un climat d&rsquo;entraide et de formation continue.<\/span><\/p>\n<p><img decoding=\"async\" class=\"wp-image-1299 alignright\" src=\"http:\/\/ergotherapeute.ch\/wp-content\/uploads\/2020\/12\/logoweb-150x150.jpg\" alt=\"\" width=\"108\" height=\"108\" \/><\/p>\n<p>&nbsp;<\/p>\n<p><span style=\"font-size: 12pt;\"><em>\u00ab\u00a0Nos prises en charge utilisent des techniques sp\u00e9cifiques d&rsquo;observations et d&rsquo;analyses, <\/em><\/span><span style=\"font-size: 12pt;\"><em>permettant une intervention occupationnelle distincte, <\/em><\/span><span style=\"font-size: 12pt;\"><em>facilitant les postures, les gestes, les coordinations ainsi <\/em><\/span><span style=\"font-size: 12pt;\"><em>que le mouvement fonctionnel dans une action significative\u00a0\u00bb.<\/em><\/span><\/p>\n<p>&nbsp;<\/p>\n<blockquote>\n<h3><span style=\"font-size: 24pt;\"><strong>En bref<\/strong><\/span><\/h3>\n<\/blockquote>\n<p><span style=\"font-size: 14pt;\">Tout deux dipl\u00f4m\u00e9s de la fili\u00e8re en ergoth\u00e9rapie en 2001, nous avons d\u00e9velopp\u00e9 nos premi\u00e8res comp\u00e9tences \u00e0 l&rsquo;h\u00f4pital Orthop\u00e9dique de Suisse Romande pendant plus de cinq ans. Cette exp\u00e9rience musculo-squelettique s&rsquo;est compl\u00e9t\u00e9e par diverses formations et mod\u00e8les de pratiques qui allient, le neurod\u00e9veloppement, l&rsquo;int\u00e9gration des syst\u00e8mes sensoriels, les coordinations sensori-motrices ainsi que les repr\u00e9sentations du corps, de sa fonction ainsi que les repr\u00e9sentations des objets et de leurs effets.<\/span><\/p>\n<p><span style=\"font-size: 14pt;\">Nous avons cr\u00e9\u00e9 cette structure d&rsquo;ergoth\u00e9rapie en mai 2005 au centre de Lausanne. Et dans un soucis de r\u00e9pondre favorablement aux demandes m\u00e9dicales grandissantes, nous avons progressivement agrandit nos locaux et notre \u00e9quipe pour \u00eatre actuellement 11 ergoth\u00e9rapeutes dipl\u00f4m\u00e9s. Depuis 2016, nous assumons \u00e9galement un mandat de partenariat avec la Fondation Ren\u00e9 Delafontaine qui implique des prises en charge et un accompagnement sur site. Depuis 2016, nous d\u00e9veloppons plusieurs collaborations de supervisions et de formations en Suisse comme en France.<\/span><\/p>\n<p><em><img decoding=\"async\" class=\" wp-image-1299 alignright\" src=\"http:\/\/ergotherapeute.ch\/wp-content\/uploads\/2020\/12\/logoweb-150x150.jpg\" alt=\"\" width=\"105\" height=\"105\" \/><\/em><\/p>\n<p>&nbsp;<\/p>\n<p><span style=\"font-size: 12pt;\"><em>\u00ab\u00a0Nous cherchons \u00e0 exploiter le potentiel sensori-moteur et instrumental latents de chacun et chacune vers des exp\u00e9riences actionnelles permettant une progression vers le mieux-\u00eatre et\/ou vers l&rsquo;autonomie\u00a0\u00bb.<\/em><\/span><\/p>\n<p>&nbsp;<\/p>\n<blockquote>\n<h3><span style=\"font-size: 24pt;\"><strong>Nos prestations<\/strong><\/span><\/h3>\n<\/blockquote>\n<p><span style=\"font-size: 18pt; color: #800000;\"><em>Prise en charge du b\u00e9b\u00e9 et de l&rsquo;enfant.<\/em><\/span><\/p>\n<ul>\n<li><span style=\"font-size: 14pt;\">Evaluations cliniques et bilans standardis\u00e9s des fonctions sensori-motrices, perceptuelles et actionnelles\/occupationnelles.<\/span><\/li>\n<li><span style=\"font-size: 14pt;\">Prises en charge globale et pr\u00e9coce des b\u00e9b\u00e9s et enfants ayant un dysfonctionnement.<\/span><\/li>\n<li><span style=\"font-size: 14pt;\">Retard de d\u00e9veloppement.<\/span><\/li>\n<li><span style=\"font-size: 14pt;\">Troubles neurologiques.<\/span><\/li>\n<li><span style=\"font-size: 14pt;\">Troubles g\u00e9n\u00e9tiques.<\/span><\/li>\n<li><span style=\"font-size: 14pt;\">Troubles orthop\u00e9diques.<\/span><\/li>\n<li><span style=\"font-size: 14pt;\">Troubles sensoriels.<\/span><\/li>\n<li><span style=\"font-size: 14pt;\">Troubles de la motricit\u00e9 fine et globale.<\/span><\/li>\n<li><span style=\"font-size: 14pt;\">Troubles de l&rsquo;acquisition et de la coordination (TAC).<\/span><\/li>\n<li><span style=\"font-size: 14pt;\">Troubles praxiques.<\/span><\/li>\n<li><span style=\"font-size: 14pt;\">Troubles du spectre autistique (TSA).<\/span><\/li>\n<li><span style=\"font-size: 14pt;\">Troubles des apprentissages (TDAH, d\u00e9ficience intellectuelle).<\/span><\/li>\n<li><span style=\"font-size: 14pt;\">Groupe <a href=\"http:\/\/ergotherapeute.ch\/wp-content\/uploads\/2020\/12\/habiletes_sociales.pdf\">d&rsquo;habilet\u00e9s sociales<\/a>.<\/span><\/li>\n<\/ul>\n<p><span style=\"font-size: 18pt; color: #800000;\"><em>Prise en charge de l&rsquo;adolescent et de l&rsquo;adulte.<\/em><\/span><\/p>\n<ul>\n<li><span style=\"font-size: 14pt;\">Evaluations cliniques, fonctionnelles et actionnelles\/occupationnelles.<\/span><\/li>\n<li><span style=\"font-size: 14pt;\">Troubles orthop\u00e9diques (membre sup\u00e9rieur, membre inf\u00e9rieur et tronc\/dos).<\/span><\/li>\n<li><span style=\"font-size: 14pt;\">Troubles neurologiques.<\/span><\/li>\n<li><span style=\"font-size: 14pt;\">Troubles et dysfonctions du membre sup\u00e9rieur.<\/span><\/li>\n<li><span style=\"font-size: 14pt;\">Troubles sensitifs.<\/span><\/li>\n<\/ul>\n<p><span style=\"font-size: 18pt; color: #800000;\"><em>Prise en charge par orth\u00e8se et appareillage.<\/em><\/span><\/p>\n<ul>\n<li><span style=\"font-size: 14pt;\">Orth\u00e8ses statiques ou dynamiques pour le membre sup\u00e9rieur.\u00a0<\/span><\/li>\n<li><span style=\"font-size: 14pt;\">Orth\u00e8ses statiques ou dynamiques pour le membre inf\u00e9rieur.<\/span><\/li>\n<li><span style=\"font-size: 14pt;\">Orth\u00e8ses pour le tronc et la nuque.<\/span><\/li>\n<li><span style=\"font-size: 14pt;\">Adaptations et relais au d\u00e9veloppement (coque assise, standing, mousse de positionnement couch\u00e9e, etc.).<\/span><\/li>\n<li><span style=\"font-size: 14pt;\">Adaptations simples et complexes diverses (voir photos appareillages).<\/span><\/li>\n<li><span style=\"font-size: 14pt;\">Evaluations et collaborations avec divers techniciens orthop\u00e9distes pour la mise en place de moyens auxiliaires.<\/span><\/li>\n<\/ul>\n<p><span style=\"font-size: 18pt; color: #800000;\"><em>Diverses formations sur mesure (sur devis).<\/em><\/span><\/p>\n<ul>\n<li><span style=\"font-size: 14pt;\">Pr\u00e9vention ost\u00e9o-articulaire pour \u00e9quipes et entreprises diverses.<\/span><\/li>\n<li><span style=\"font-size: 14pt;\">Manutention de patients.<\/span><\/li>\n<li><span style=\"font-size: 14pt;\">Accompagnement dans le d\u00e9veloppement sensori-moteur de l&rsquo;enfant (0-2 ans), voir formations.<\/span><\/li>\n<li><span style=\"font-size: 14pt;\">Accompagnement dans la fonction et les actes des enfants (2-6 ans), voir formations.<\/span><\/li>\n<\/ul>\n<p>&nbsp;<\/p>\n<blockquote>\n<h3><span style=\"font-size: 32px;\">Remboursement \/ financement<\/span><\/h3>\n<\/blockquote>\n<p><span style=\"color: #800000;\"><span style=\"font-size: 24px;\"><i>L&rsquo;ergoth\u00e9rapie est prise en charge par les assurances de base.<\/i><\/span><\/span><\/p>\n<ul>\n<li><span style=\"font-size: 14pt;\">L&rsquo;assurance maladie de base (LAMAL).<\/span><\/li>\n<li><span style=\"font-size: 14pt;\">L&rsquo;assurance invalidit\u00e9 (AI).<\/span><\/li>\n<li><span style=\"font-size: 14pt;\">L&rsquo;assurance accident (AA).<\/span><\/li>\n<li><span style=\"font-size: 14pt;\">L&rsquo;assurance militaire (AM)<\/span><\/li>\n<\/ul>\n<p><span style=\"font-size: 14pt;\">A part les formations, nous intervenons uniquement sur prescription m\u00e9dicale \/\u00a0 <a href=\"http:\/\/ergotherapeute.ch\/wp-content\/uploads\/2020\/11\/ordonnance-ergo2019_Vuilleumier_Pelus.pdf\">ordonnance m\u00e9dicale<\/a><\/span><\/p>\n<p>&nbsp;<\/p>\n<blockquote>\n<h3><span style=\"font-size: 24pt;\"><strong>Formations continues et Supervisions<\/strong><\/span><\/h3>\n<\/blockquote>\n<p><span style=\"font-size: 14pt;\">Le centre lausannois d&rsquo;ergoth\u00e9rapie b\u00e9n\u00e9ficie de comp\u00e9tences cumul\u00e9es issues de formations continues diverses, de liens tiss\u00e9s avec divers sp\u00e9cialistes et professionnels de la prise en charge r\u00e9\u00e9ducative, de partages interprofessionnels (m\u00e9decins, physioth\u00e9rapeutes, logop\u00e9distes, psychomotriciens, psychologues, etc.), mais \u00e9galement d&rsquo;exp\u00e9riences cliniques cumul\u00e9es sur plus de vingt ans.<\/span><\/p>\n<table style=\"border-collapse: collapse; width: 100%; height: 520px;\">\n<tbody>\n<tr style=\"height: 20px;\">\n<td style=\"width: 5.45533%; height: 20px;\"><span style=\"font-size: 14pt;\">2020<\/span><\/td>\n<td style=\"width: 94.5447%; height: 20px;\"><span style=\"font-size: 14pt;\">R\u00e9alisation d&rsquo;un livre <em><strong>\u00ab\u00a0Le d\u00e9veloppement sensori-moteur de l&rsquo;enfant, 0-3 ans\u00a0\u00bb<\/strong><\/em>, co-auteurs, Edition De Boeck.\u00a0<a href=\"http:\/\/ergotherapeute.ch\/?page_id=145\">livre<\/a><\/span><\/td>\n<\/tr>\n<tr style=\"height: 20px;\">\n<td style=\"width: 5.45533%; height: 20px;\"><span style=\"font-size: 14pt;\">2018-2021<\/span><\/td>\n<td style=\"width: 94.5447%; height: 20px;\"><span style=\"font-size: 14pt;\">R\u00e9alisation de <em><strong>bilans cliniques interdisciplinaires<\/strong> <\/em>(Fondation Delafontaine).<\/span><\/td>\n<\/tr>\n<tr style=\"height: 20px;\">\n<td style=\"width: 5.45533%; height: 20px;\"><span style=\"font-size: 14pt;\">2016-2021<\/span><\/td>\n<td style=\"width: 94.5447%; height: 20px;\"><span style=\"font-size: 14pt;\">R\u00e9alisation de <strong><em>supervisions cliniques en Suisse et \u00e0 l&rsquo;\u00e9tranger<\/em><\/strong> (divers centres et institutions).<\/span><\/td>\n<\/tr>\n<tr style=\"height: 20px;\">\n<td style=\"width: 5.45533%; height: 20px;\"><span style=\"font-size: 14pt;\">2016-2021<\/span><\/td>\n<td style=\"width: 94.5447%; height: 20px;\"><span style=\"font-size: 14pt;\">R\u00e9alisation de <em><strong>formations en Suisse et \u00e0 l&rsquo;\u00e9tranger<\/strong><\/em> (Prise en charge pr\u00e9coce, Prise en charge Paralysie c\u00e9r\u00e9brale, appareillage p\u00e9diatrique).<\/span><\/td>\n<\/tr>\n<tr style=\"height: 20px;\">\n<td style=\"width: 5.45533%; height: 20px;\"><span style=\"font-size: 14pt;\">2015<\/span><\/td>\n<td style=\"width: 94.5447%; height: 20px;\"><span style=\"font-size: 14pt;\">R\u00e9alisation d&rsquo;un film, <em><strong>\u00ab\u00a0Le chemin du d\u00e9veloppement\u00a0\u00bb<\/strong><\/em>, co-auteurs (fran\u00e7ais\/anglais).\u00a0<a href=\"http:\/\/ergotherapeute.ch\/?page_id=145\">Film<\/a><\/span><\/td>\n<\/tr>\n<tr style=\"height: 20px;\">\n<td style=\"width: 5.45533%; height: 20px;\"><span style=\"font-size: 14pt;\">2014<\/span><\/td>\n<td style=\"width: 94.5447%; height: 20px;\"><span style=\"font-size: 14pt;\">Formation de formateur, <em><strong>R\u00e9\u00e9ducation et prise en charge sensorimotrice globale de l&rsquo;enfant ayant des dysfonctionnements li\u00e9s \u00e0 une l\u00e9sion c\u00e9r\u00e9brale<\/strong><\/em>. Module 2 (Paris FR), 5 jours.<\/span><\/td>\n<\/tr>\n<tr style=\"height: 20px;\">\n<td style=\"width: 5.45533%; height: 20px;\"><span style=\"font-size: 14pt;\">2014<\/span><\/td>\n<td style=\"width: 94.5447%; height: 20px;\"><span style=\"font-size: 14pt;\">Formation de formateur, <em><strong>R\u00e9\u00e9ducation et prise en charge sensorimotrice globale du b\u00e9b\u00e9 \u00e0 risques et du jeune enfant<\/strong><\/em> (o-3ans) ayant un retard psychomoteur. Module 1\u00a0 (Paris FR), 5 jours.<\/span><\/td>\n<\/tr>\n<tr style=\"height: 20px;\">\n<td style=\"width: 5.45533%; height: 20px;\"><span style=\"font-size: 14pt;\">2011-2012<\/span><\/td>\n<td style=\"width: 94.5447%; height: 20px;\"><span style=\"font-size: 14pt;\"><em><strong>Traitement Bobath b\u00e9b\u00e9s<\/strong><\/em> (Villeneuve D&rsquo;Ascq FR), 10 jours.<\/span><\/td>\n<\/tr>\n<tr style=\"height: 20px;\">\n<td style=\"width: 5.45533%; height: 20px;\"><span style=\"font-size: 14pt;\">2009-2011<\/span><\/td>\n<td style=\"width: 94.5447%; height: 20px;\"><span style=\"font-size: 14pt;\"><em><strong>Formation au bilan sensorimoteur de Bullinger<\/strong><\/em>, (Lille FR), 20 jours \u00e0 temps plein.<\/span><\/td>\n<\/tr>\n<tr style=\"height: 20px;\">\n<td style=\"width: 5.45533%; height: 20px;\"><span style=\"font-size: 14pt;\">2010<\/span><\/td>\n<td style=\"width: 94.5447%; height: 20px;\"><span style=\"font-size: 14pt;\"><strong><em>Journ\u00e9es d&rsquo;\u00e9tudes SFERHE<\/em> <\/strong>(Lausanne), 2 jours.<\/span><\/td>\n<\/tr>\n<tr style=\"height: 20px;\">\n<td style=\"width: 5.45533%; height: 20px;\"><span style=\"font-size: 14pt;\">2009<\/span><\/td>\n<td style=\"width: 94.5447%; height: 20px;\"><span style=\"font-size: 14pt;\"><em><strong>Evaluation et traitement des difficult\u00e9s de perception visuelle chez l&rsquo;enfant de 4 \u00e0 10 ans en ergoth\u00e9rapie<\/strong><\/em> (Lausanne) 3 jours.<\/span><\/td>\n<\/tr>\n<tr style=\"height: 20px;\">\n<td style=\"width: 5.45533%; height: 20px;\"><span style=\"font-size: 14pt;\">2009<\/span><\/td>\n<td style=\"width: 94.5447%; height: 20px;\"><span style=\"font-size: 14pt;\"><em><strong>Troubles du d\u00e9veloppement et des apprentissages chez l&rsquo;enfant et adolescent<\/strong><\/em>, Autisme, troubles d&rsquo;apprentissages, trouble d&rsquo;attention avec ou sans hyperactivit\u00e9, enfant violent (Lausanne), 4 jours.<\/span><\/td>\n<\/tr>\n<tr style=\"height: 20px;\">\n<td style=\"width: 5.45533%; height: 20px;\"><span style=\"font-size: 14pt;\">2007<\/span><\/td>\n<td style=\"width: 94.5447%; height: 20px;\"><span style=\"font-size: 14pt;\">\u00a0<em><strong>R\u00e9\u00e9ducation sensitive<\/strong><\/em> du corps humain en ergoth\u00e9rapie, Syndrome douloureux neuropathiques, Mod\u00e8le Spicher (Fribourg), 3 jours.<\/span><\/td>\n<\/tr>\n<tr style=\"height: 20px;\">\n<td style=\"width: 5.45533%; height: 20px;\"><span style=\"font-size: 14pt;\">2007<\/span><\/td>\n<td style=\"width: 94.5447%; height: 20px;\"><span style=\"font-size: 14pt;\"><em><strong>R\u00e9\u00e9ducation sensitive<\/strong><\/em> du corps humain en ergoth\u00e9rapie, Troubles de base, Mod\u00e8le Spicher (Fribourg), 2 jours.<\/span><\/td>\n<\/tr>\n<tr style=\"height: 20px;\">\n<td style=\"width: 5.45533%; height: 20px;\"><span style=\"font-size: 14pt;\">2006-2007<\/span><\/td>\n<td style=\"width: 94.5447%; height: 20px;\"><span style=\"font-size: 14pt;\"><em><strong>Int\u00e9gration Neuro-sensorielle I.N.S.<\/strong><\/em> (Lausanne), 5 semaines \u00e0 temps plein.<\/span><\/td>\n<\/tr>\n<tr style=\"height: 20px;\">\n<td style=\"width: 5.45533%; height: 20px;\"><span style=\"font-size: 14pt;\">2006<\/span><\/td>\n<td style=\"width: 94.5447%; height: 20px;\"><span style=\"font-size: 14pt;\"><em><strong>Outils d&rsquo;\u00e9valuation standardis\u00e9s<\/strong><\/em>, aupr\u00e8s d&rsquo;une client\u00e8le p\u00e9diatrique (Lausanne), 2 jours.<\/span><\/td>\n<\/tr>\n<tr style=\"height: 20px;\">\n<td style=\"width: 5.45533%; height: 20px;\"><span style=\"font-size: 14pt;\">2005<\/span><\/td>\n<td style=\"width: 94.5447%; height: 20px;\"><span style=\"font-size: 14pt;\"><em><strong>Evaluation et traitement de l&rsquo;\u00e9criture<\/strong><\/em> (Fribourg), 2 jours.<\/span><\/td>\n<\/tr>\n<tr style=\"height: 20px;\">\n<td style=\"width: 5.45533%; height: 20px;\"><span style=\"font-size: 14pt;\">2005<\/span><\/td>\n<td style=\"width: 94.5447%; height: 20px;\"><span style=\"font-size: 14pt;\"><em><strong>ABC Boum!<\/strong><\/em> M\u00e9thode d&rsquo;enseignement multisensorielle de la calligraphie (Fribourg), 1 jours.<\/span><\/td>\n<\/tr>\n<tr style=\"height: 20px;\">\n<td style=\"width: 5.45533%; height: 20px;\"><span style=\"font-size: 14pt;\">2005<\/span><\/td>\n<td style=\"width: 94.5447%; height: 20px;\"><span style=\"font-size: 14pt;\"><em><strong>Introduction au concept du Dr. Brugger<\/strong><\/em>, maladies fonctionnelles du syst\u00e8me locomoteur (Lausanne), 2 jours.<\/span><\/td>\n<\/tr>\n<tr style=\"height: 20px;\">\n<td style=\"width: 5.45533%; height: 20px;\"><span style=\"font-size: 14pt;\">2003-2004<\/span><\/td>\n<td style=\"width: 94.5447%; height: 20px;\"><span style=\"font-size: 14pt;\"><em><strong>Traitement Bobath enfants<\/strong><\/em> (Toulouse, FR), 2 mois \u00e0 temps plein.<\/span><\/td>\n<\/tr>\n<tr style=\"height: 20px;\">\n<td style=\"width: 5.45533%; height: 20px;\"><span style=\"font-size: 14pt;\">2003-2004<\/span><\/td>\n<td style=\"width: 94.5447%; height: 20px;\"><span style=\"font-size: 14pt;\"><em><strong>Formation \u00e0 l&rsquo;appareillage<\/strong><\/em> (HO Lausanne), confections d&rsquo;orth\u00e8ses (MS, MI, tronc, coques, standings, adaptations diverses, etc.) formation en cours d&#8217;emploi sur un an.<\/span><\/td>\n<\/tr>\n<tr style=\"height: 20px;\">\n<td style=\"width: 5.45533%; height: 20px;\"><span style=\"font-size: 14pt;\">2003<\/span><\/td>\n<td style=\"width: 94.5447%; height: 20px;\"><span style=\"font-size: 14pt;\"><em><strong>Am\u00e9liorer la Mobilit\u00e9<\/strong><\/em> (HUG Gen\u00e8ve), 1 jour.<\/span><\/td>\n<\/tr>\n<tr style=\"height: 20px;\">\n<td style=\"width: 5.45533%; height: 20px;\"><span style=\"font-size: 14pt;\">2002<\/span><\/td>\n<td style=\"width: 94.5447%; height: 20px;\"><span style=\"font-size: 14pt;\"><em><strong>Introduction \u00e0 la neuropsychologie infantile et neuropsychologie des fonctions visuo-praxiques <\/strong><\/em>(Neuch\u00e2tel), 4 jours.<\/span><\/td>\n<\/tr>\n<tr style=\"height: 20px;\">\n<td style=\"width: 5.45533%; height: 20px;\"><span style=\"font-size: 14pt;\">2002<\/span><\/td>\n<td style=\"width: 94.5447%; height: 20px;\"><span style=\"font-size: 14pt;\"><em><strong>Le Mouvement<\/strong><\/em> (HUG Gen\u00e8ve), 1 jours.<\/span><\/td>\n<\/tr>\n<tr style=\"height: 20px;\">\n<td style=\"width: 5.45533%; height: 20px;\"><span style=\"font-size: 14pt;\">2001<\/span><\/td>\n<td style=\"width: 94.5447%; height: 20px;\"><span style=\"font-size: 14pt;\"><em><strong>Batterie d&rsquo;\u00e9valuation Talbot<\/strong><\/em> (Neuch\u00e2tel), 2 jours.<\/span><\/td>\n<\/tr>\n<tr style=\"height: 20px;\">\n<td style=\"width: 5.45533%; height: 20px;\"><span style=\"font-size: 14pt;\">2001<\/span><\/td>\n<td style=\"width: 94.5447%; height: 20px;\"><span style=\"font-size: 14pt;\"><em><strong>Strat\u00e9gies d&rsquo;interventions ergoth\u00e9rapeutiques<\/strong><\/em><\/span><br \/>\n<span style=\"font-size: 14pt;\">aupr\u00e8s d&rsquo;enfants de 5 \u00e0 8 ans pr\u00e9sentant des retards de d\u00e9veloppement de divers origines (Canada), 5 jours.<\/span><\/td>\n<\/tr>\n<\/tbody>\n<\/table>\n<div class=\"wp-block-pdfemb-pdf-embedder-viewer\"><a href=\"https:\/\/ergotherapeute.ch\/wp-content\/uploads\/2020\/11\/flyer_presentation.pdf\" class=\"pdfemb-viewer\" style=\"\" data-width=\"max\" data-height=\"max\" data-toolbar=\"both\" data-toolbar-fixed=\"off\">flyer_presentation<\/a><\/div>\n<p>&nbsp;<\/p>\n","protected":false},"excerpt":{"rendered":"<p>Le sens des valeurs Toutes les actions accomplies par les ergoth\u00e9rapeutes de l\u2019\u00e9quipe du centre cl\u00e9 sont motiv\u00e9es par le mieux-\u00eatre de la patient\u00e8le et par des valeurs fondamentales communes: le professionnalisme, le savoir-faire, le respect, la rigueur ainsi que le travail d&rsquo;\u00e9quipe r\u00e9alis\u00e9 dans un climat d&rsquo;entraide et de formation continue. &nbsp; \u00ab\u00a0Nos prises<\/p><\/div>\n<div class=\"blog-btn\"><a href=\"https:\/\/ergotherapeute.ch\/?page_id=1215\" class=\"home-blog-btn\">Lire la suite<\/a><\/p>\n","protected":false},"author":1,"featured_media":0,"parent":0,"menu_order":1,"comment_status":"closed","ping_status":"closed","template":"","meta":{"footnotes":""},"class_list":["post-1215","page","type-page","status-publish","hentry"],"_links":{"self":[{"href":"https:\/\/ergotherapeute.ch\/index.php?rest_route=\/wp\/v2\/pages\/1215","targetHints":{"allow":["GET"]}}],"collection":[{"href":"https:\/\/ergotherapeute.ch\/index.php?rest_route=\/wp\/v2\/pages"}],"about":[{"href":"https:\/\/ergotherapeute.ch\/index.php?rest_route=\/wp\/v2\/types\/page"}],"author":[{"embeddable":true,"href":"https:\/\/ergotherapeute.ch\/index.php?rest_route=\/wp\/v2\/users\/1"}],"replies":[{"embeddable":true,"href":"https:\/\/ergotherapeute.ch\/index.php?rest_route=%2Fwp%2Fv2%2Fcomments&post=1215"}],"version-history":[{"count":102,"href":"https:\/\/ergotherapeute.ch\/index.php?rest_route=\/wp\/v2\/pages\/1215\/revisions"}],"predecessor-version":[{"id":1453,"href":"https:\/\/ergotherapeute.ch\/index.php?rest_route=\/wp\/v2\/pages\/1215\/revisions\/1453"}],"wp:attachment":[{"href":"https:\/\/ergotherapeute.ch\/index.php?rest_route=%2Fwp%2Fv2%2Fmedia&parent=1215"}],"curies":[{"name":"wp","href":"https:\/\/api.w.org\/{rel}","templated":true}]}}